{"id":7369,"date":"2023-11-17T14:48:03","date_gmt":"2023-11-17T13:48:03","guid":{"rendered":"https:\/\/www.bertonesementi.it\/produits\/ble-tendre\/project-w\/"},"modified":"2024-02-12T17:30:18","modified_gmt":"2024-02-12T16:30:18","slug":"project-w","status":"publish","type":"page","link":"https:\/\/www.bertonesementi.it\/fr\/produits\/ble-tendre\/project-w\/","title":{"rendered":"PROJECT W"},"content":{"rendered":"<p>[vc_row][vc_column width=\u00a0\u00bb2\/3&Prime;][vc_single_image image=\u00a0\u00bb5527&Prime; img_size=\u00a0\u00bbfull\u00a0\u00bb alignment=\u00a0\u00bbcenter\u00a0\u00bb][vc_empty_space height=\u00a0\u00bb20px\u00a0\u00bb]<h2 class=\"box-header\">PROJECT W<\/h2>[vc_empty_space height=\u00a0\u00bb12px\u00a0\u00bb][vc_column_text]<\/p>\n<h3><strong><span style=\"color: #004690;\">Bl\u00e9 cireux avec amidon modifi\u00e9 (riche en amylopectine)<\/span><\/strong><br \/>\n<strong><span style=\"color: #e30613;\">Les farines sont utilis\u00e9es pour obtenir des produits plus se conservables et plus homog\u00e8nes<\/span><\/strong><\/h3>\n<p>[\/vc_column_text][vc_empty_space height=\u00a0\u00bb16px\u00a0\u00bb][vc_row_inner][vc_column_inner width=\u00a0\u00bb1\/2&Prime;][vc_column_text]<\/p>\n<div align=\"justify\">\n<ul>\n<li style=\"text-align: justify;\"><strong><span style=\"color: #e30613;\">CARATTERI MORFOLOGICI<\/span><\/strong><br \/>\n<span style=\"color: #000000;\"><strong><span style=\"color: #004690;\">Taglia della pianta: <\/span><\/strong>media<\/span><br \/>\n<span style=\"color: #000000;\"><strong><span style=\"color: #004690;\">Tipologia di spiga:<\/span><\/strong> aristata<\/span><\/li>\n<\/ul>\n<\/div>\n<p>[\/vc_column_text][vc_empty_space height=\u00a0\u00bb20px\u00a0\u00bb][vc_column_text]<\/p>\n<div align=\"justify\">\n<ul>\n<li><strong><span style=\"color: #e30613;\">CARATTERI FISIOLOGICI<\/span><\/strong><br \/>\n<span style=\"color: #000000;\"><strong><span style=\"color: #004690;\">Accestimento: <\/span><\/strong>alternativo<\/span><br \/>\n<span style=\"color: #000000;\"><strong><span style=\"color: #004690;\">Maturazione: <\/span><\/strong>medio<\/span><br \/>\n<span style=\"color: #000000;\"><strong><span style=\"color: #004690;\">Alternativit\u00e0: <\/span><\/strong>media<\/span><\/li>\n<\/ul>\n<\/div>\n<p>[\/vc_column_text][vc_empty_space height=\u00a0\u00bb20px\u00a0\u00bb][vc_column_text]<\/p>\n<div align=\"justify\">\n<ul>\n<li><strong><span style=\"color: #e30613;\">CONSIGLI PER LA COLTIVAZIONE<\/span><\/strong><br \/>\n<span style=\"color: #000000;\"><strong><span style=\"color: #004690;\">Semina:<\/span> <\/strong>da met\u00e0 Ottobre <\/span><span style=\"color: #000000;\">a met\u00e0 Febbraio<\/span><br \/>\n<span style=\"color: #000000;\"><strong><span style=\"color: #004690;\">Densit\u00e0 di semina:<\/span> <\/strong>200 kg\/ha<\/span><br \/>\n<span style=\"color: #000000;\"><strong><span style=\"color: #004690;\">Chlortoluron:<\/span><\/strong> da verificare<br \/>\n<\/span><span style=\"color: #000000;\"><strong><span style=\"color: #e30613;\">Alternativo:<\/span><\/strong> SI<\/span><\/li>\n<\/ul>\n<\/div>\n<p>[\/vc_column_text][\/vc_column_inner][vc_column_inner width=\u00a0\u00bb1\/2&Prime;][vc_column_text]<\/p>\n<div align=\"justify\">\n<ul>\n<li style=\"text-align: left;\"><strong><span style=\"color: #e30613;\">RESISTENZA E TOLLERANZA<br \/>\n<\/span><span style=\"color: #e30613;\">Tolleranza alle malattie<\/span><\/strong><br \/>\n<strong><span style=\"color: #004690;\">Oidio:<\/span><\/strong> <span style=\"color: #000000;\">media<\/span><br \/>\n<strong><span style=\"color: #004690;\">Septoria:<\/span><\/strong> <span style=\"color: #000000;\">mediamente resistente<\/span><br \/>\n<strong><span style=\"color: #004690;\">Ruggine bruna:<\/span><\/strong> <span style=\"color: #000000;\">media<\/span><\/li>\n<\/ul>\n<\/div>\n<p>[\/vc_column_text][vc_empty_space height=\u00a0\u00bb20px\u00a0\u00bb][vc_column_text]<\/p>\n<div align=\"justify\">\n<ul>\n<li><strong><span style=\"color: #e30613;\">DATI QUALITATIVI<\/span><\/strong><br \/>\n<span style=\"color: #000000;\"><strong><span style=\"color: #004690;\">Colore Granella:\u00a0<\/span><\/strong><span style=\"color: #000000;\">rosso<\/span><\/span><br \/>\n<span style=\"color: #000000;\"><strong><span style=\"color: #004690;\">% proteine:<\/span><\/strong> alta<\/span><\/li>\n<\/ul>\n<\/div>\n<p>[\/vc_column_text][vc_empty_space height=\u00a0\u00bb20px\u00a0\u00bb][\/vc_column_inner][\/vc_row_inner][\/vc_column][vc_column width=\u00a0\u00bb1\/3&Prime;][vc_empty_space height=\u00a0\u00bb20px\u00a0\u00bb][vc_widget_sidebar sidebar_id=\u00a0\u00bbsidebar-shop\u00a0\u00bb][vc_empty_space height=\u00a0\u00bb20px\u00a0\u00bb][\/vc_column][\/vc_row][vc_row type=\u00a0\u00bbfull-width\u00a0\u00bb full_width=\u00a0\u00bbstretch_row_content_no_spaces\u00a0\u00bb disable_element=\u00a0\u00bbyes\u00a0\u00bb][vc_column][vc_empty_space][vc_column_text css=\u00a0\u00bb.vc_custom_1700217269216{padding-top: 40px !important;padding-bottom: 40px !important;}\u00a0\u00bb]<\/p>\n<h1 style=\"text-align: center;\"><strong><span style=\"color: #004690;\">CONSULTA I NOSTRI CATALOGHI<\/span><\/strong><\/h1>\n<p>[\/vc_column_text][vc_row_inner type=\u00a0\u00bbfull-width\u00a0\u00bb css=\u00a0\u00bb.vc_custom_1701276628832{padding-bottom: 15px !important;background-color: #e30613 !important;}\u00a0\u00bb][vc_column_inner][vc_btn title=\u00a0\u00bbCATALOGO CEREALI 2023&Prime; shape=\u00a0\u00bbsquare\u00a0\u00bb color=\u00a0\u00bbblue\u00a0\u00bb align=\u00a0\u00bbcenter\u00a0\u00bb i_icon_fontawesome=\u00a0\u00bbfar fa-file-pdf\u00a0\u00bb button_block=\u00a0\u00bbtrue\u00a0\u00bb add_icon=\u00a0\u00bbtrue\u00a0\u00bb link=\u00a0\u00bburl:https%3A%2F%2Fwww.bertonesementi.it%2Fwp-content%2Fuploads%2F2023%2F11%2FCatalogo-Bertone-sementi-2023-cereali.pdf||target:%20_blank|\u00a0\u00bb][vc_btn title=\u00a0\u00bbCATALOGO RISO 2023&Prime; shape=\u00a0\u00bbsquare\u00a0\u00bb color=\u00a0\u00bbblue\u00a0\u00bb align=\u00a0\u00bbcenter\u00a0\u00bb i_icon_fontawesome=\u00a0\u00bbfar fa-file-pdf\u00a0\u00bb button_block=\u00a0\u00bbtrue\u00a0\u00bb add_icon=\u00a0\u00bbtrue\u00a0\u00bb link=\u00a0\u00bburl:https%3A%2F%2Fwww.bertonesementi.it%2Fwp-content%2Fuploads%2F2023%2F11%2FCatalogo-Riso-2023-Bertone-Sementi.pdf||target:%20_blank|\u00a0\u00bb][\/vc_column_inner][\/vc_row_inner][\/vc_column][\/vc_row]<\/p>\n","protected":false},"excerpt":{"rendered":"<p>[vc_row][vc_column width=\u00a0\u00bb2\/3&Prime;][vc_single_image image=\u00a0\u00bb5527&Prime; img_size=\u00a0\u00bbfull\u00a0\u00bb alignment=\u00a0\u00bbcenter\u00a0\u00bb][vc_empty_space height=\u00a0\u00bb20px\u00a0\u00bb][vc_empty_space height=\u00a0\u00bb12px\u00a0\u00bb][vc_column_text] Bl\u00e9 cireux avec amidon modifi\u00e9 (riche en amylopectine) Les farines sont utilis\u00e9es pour obtenir des produits plus se conservables et plus homog\u00e8nes [\/vc_column_text][vc_empty_space height=\u00a0\u00bb16px\u00a0\u00bb][vc_row_inner][vc_column_inner width=\u00a0\u00bb1\/2&Prime;][vc_column_text] CARATTERI MORFOLOGICI Taglia della pianta: media Tipologia di spiga: aristata [\/vc_column_text][vc_empty_space height=\u00a0\u00bb20px\u00a0\u00bb][vc_column_text] CARATTERI FISIOLOGICI Accestimento: alternativo Maturazione: medio Alternativit\u00e0: media [\/vc_column_text][vc_empty_space height=\u00a0\u00bb20px\u00a0\u00bb][vc_column_text] CONSIGLI<\/p>\n","protected":false},"author":1,"featured_media":0,"parent":7239,"menu_order":0,"comment_status":"closed","ping_status":"closed","template":"","meta":{"footnotes":""},"yoast_head":"<!-- This site is optimized with the Yoast SEO plugin v14.7 - https:\/\/yoast.com\/wordpress\/plugins\/seo\/ -->\n<title>PROJECT W - Bertone Sementi S.p.A.<\/title>\n<meta name=\"description\" content=\"Azienda sementiera leader dal 1952 nella produzione e commercio di tutti i tipi di frumento tenero, frumento duro, orzo, riso e triticale.\" \/>\n<meta name=\"robots\" content=\"index, follow\" \/>\n<meta name=\"googlebot\" content=\"index, follow, max-snippet:-1, max-image-preview:large, max-video-preview:-1\" \/>\n<meta name=\"bingbot\" content=\"index, follow, max-snippet:-1, max-image-preview:large, max-video-preview:-1\" \/>\n<link rel=\"canonical\" href=\"https:\/\/www.bertonesementi.it\/fr\/produits\/ble-tendre\/project-w\/\" \/>\n<meta property=\"og:locale\" content=\"fr_FR\" \/>\n<meta property=\"og:type\" content=\"article\" \/>\n<meta property=\"og:title\" content=\"PROJECT W - Bertone Sementi S.p.A.\" \/>\n<meta property=\"og:description\" content=\"Azienda sementiera leader dal 1952 nella produzione e commercio di tutti i tipi di frumento tenero, frumento duro, orzo, riso e triticale.\" \/>\n<meta property=\"og:url\" content=\"https:\/\/www.bertonesementi.it\/fr\/produits\/ble-tendre\/project-w\/\" \/>\n<meta property=\"og:site_name\" content=\"Bertone Sementi S.p.A.\" \/>\n<meta property=\"article:modified_time\" content=\"2024-02-12T16:30:18+00:00\" \/>\n<meta name=\"twitter:card\" content=\"summary_large_image\" \/>\n<script type=\"application\/ld+json\" class=\"yoast-schema-graph\">{\"@context\":\"https:\/\/schema.org\",\"@graph\":[{\"@type\":\"WebSite\",\"@id\":\"https:\/\/www.bertonesementi.it\/fr\/#website\",\"url\":\"https:\/\/www.bertonesementi.it\/fr\/\",\"name\":\"Bertone Sementi S.p.A.\",\"description\":\"Azienda sementiera leader dal 1952 \",\"potentialAction\":[{\"@type\":\"SearchAction\",\"target\":\"https:\/\/www.bertonesementi.it\/fr\/?s={search_term_string}\",\"query-input\":\"required name=search_term_string\"}],\"inLanguage\":\"fr-FR\"},{\"@type\":\"WebPage\",\"@id\":\"https:\/\/www.bertonesementi.it\/fr\/produits\/ble-tendre\/project-w\/#webpage\",\"url\":\"https:\/\/www.bertonesementi.it\/fr\/produits\/ble-tendre\/project-w\/\",\"name\":\"PROJECT W - Bertone Sementi S.p.A.\",\"isPartOf\":{\"@id\":\"https:\/\/www.bertonesementi.it\/fr\/#website\"},\"datePublished\":\"2023-11-17T13:48:03+00:00\",\"dateModified\":\"2024-02-12T16:30:18+00:00\",\"description\":\"Azienda sementiera leader dal 1952 nella produzione e commercio di tutti i tipi di frumento tenero, frumento duro, orzo, riso e triticale.\",\"inLanguage\":\"fr-FR\",\"potentialAction\":[{\"@type\":\"ReadAction\",\"target\":[\"https:\/\/www.bertonesementi.it\/fr\/produits\/ble-tendre\/project-w\/\"]}]}]}<\/script>\n<!-- \/ Yoast SEO plugin. -->","_links":{"self":[{"href":"https:\/\/www.bertonesementi.it\/fr\/wp-json\/wp\/v2\/pages\/7369"}],"collection":[{"href":"https:\/\/www.bertonesementi.it\/fr\/wp-json\/wp\/v2\/pages"}],"about":[{"href":"https:\/\/www.bertonesementi.it\/fr\/wp-json\/wp\/v2\/types\/page"}],"author":[{"embeddable":true,"href":"https:\/\/www.bertonesementi.it\/fr\/wp-json\/wp\/v2\/users\/1"}],"replies":[{"embeddable":true,"href":"https:\/\/www.bertonesementi.it\/fr\/wp-json\/wp\/v2\/comments?post=7369"}],"version-history":[{"count":1,"href":"https:\/\/www.bertonesementi.it\/fr\/wp-json\/wp\/v2\/pages\/7369\/revisions"}],"predecessor-version":[{"id":7370,"href":"https:\/\/www.bertonesementi.it\/fr\/wp-json\/wp\/v2\/pages\/7369\/revisions\/7370"}],"up":[{"embeddable":true,"href":"https:\/\/www.bertonesementi.it\/fr\/wp-json\/wp\/v2\/pages\/7239"}],"wp:attachment":[{"href":"https:\/\/www.bertonesementi.it\/fr\/wp-json\/wp\/v2\/media?parent=7369"}],"curies":[{"name":"wp","href":"https:\/\/api.w.org\/{rel}","templated":true}]}}